{"id":2,"date":"2021-12-10T12:30:03","date_gmt":"2021-12-10T12:30:03","guid":{"rendered":"http:\/\/palmaadvogados.com.br\/prospect-bancarios\/?page_id=2"},"modified":"2024-07-01T19:18:50","modified_gmt":"2024-07-01T19:18:50","slug":"home","status":"publish","type":"page","link":"http:\/\/palmaadvogados.com.br\/prospect-bancarios\/","title":{"rendered":"Home"},"content":{"rendered":"<p>[vc_row full_width=&#8221;stretch_row&#8221; css=&#8221;.vc_custom_1694434170097{background-color: #072034 !important;}&#8221; el_id=&#8221;servicos&#8221;][vc_column][vc_row_inner][vc_column_inner width=&#8221;1\/3&#8243;][\/vc_column_inner][vc_column_inner width=&#8221;1\/3&#8243;]<div id=\"ultimate-heading-58469f4d143e86ab\" class=\"uvc-heading ult-adjust-bottom-margin ultimate-heading-58469f4d143e86ab uvc-5965 \" data-hspacer=\"no_spacer\"  data-halign=\"center\" style=\"text-align:center\"><div class=\"uvc-heading-spacer no_spacer\" style=\"top\"><\/div><div class=\"uvc-main-heading ult-responsive\"  data-ultimate-target='.uvc-heading.ultimate-heading-58469f4d143e86ab h2'  data-responsive-json-new='{\"font-size\":\"desktop:32px;\",\"line-height\":\"\"}' ><h2 style=\"font-family:&#039;Montserrat&#039;;font-weight:300;color:#ffffff;margin-top:30px;margin-bottom:30px;\">N\u00f3s transformamos suas lutas em vit\u00f3rias<\/h2><\/div><\/div>[\/vc_column_inner][vc_column_inner width=&#8221;1\/3&#8243;][\/vc_column_inner][\/vc_row_inner][vc_row_inner css=&#8221;.vc_custom_1693854294314{margin-bottom: 30px !important;}&#8221;][vc_column_inner width=&#8221;1\/3&#8243; css=&#8221;.vc_custom_1693838478607{padding-right: 80px !important;padding-left: 50px !important;}&#8221;][vc_single_image image=&#8221;1617&#8243; img_size=&#8221;full&#8221;]<div id=\"ultimate-heading-493469f4d143e8787\" class=\"uvc-heading ult-adjust-bottom-margin ultimate-heading-493469f4d143e8787 uvc-8378 \" data-hspacer=\"no_spacer\"  data-halign=\"left\" style=\"text-align:left\"><div class=\"uvc-heading-spacer no_spacer\" style=\"top\"><\/div><div class=\"uvc-main-heading ult-responsive\"  data-ultimate-target='.uvc-heading.ultimate-heading-493469f4d143e8787 h2'  data-responsive-json-new='{\"font-size\":\"desktop:18px;\",\"line-height\":\"\"}' ><h2 style=\"font-family:&#039;Montserrat&#039;;font-weight:500;color:#75adc6;margin-bottom:20px;\">RECLAMA\u00c7\u00c3O TRABALHISTA:<\/h2><\/div><\/div>[vc_single_image image=&#8221;1677&#8243; img_size=&#8221;full&#8221; css=&#8221;.vc_custom_1694005092419{margin-bottom: 0px !important;padding-bottom: 0px !important;}&#8221;]<div id=\"ultimate-heading-559869f4d143e883f\" class=\"uvc-heading ult-adjust-bottom-margin ultimate-heading-559869f4d143e883f uvc-7555 \" data-hspacer=\"no_spacer\"  data-halign=\"left\" style=\"text-align:left\"><div class=\"uvc-heading-spacer no_spacer\" style=\"top\"><\/div><div class=\"uvc-sub-heading ult-responsive\"  data-ultimate-target='.uvc-heading.ultimate-heading-559869f4d143e883f .uvc-sub-heading '  data-responsive-json-new='{\"font-size\":\"desktop:15px;\",\"line-height\":\"\"}'  style=\"font-family:&#039;Montserrat&#039;;font-weight:300;color:#ffffff;\">O processo tem in\u00edcio quando o empregado apresenta sua reclama\u00e7\u00e3o trabalhista na Justi\u00e7a do Trabalho. A partir desse momento, s\u00e3o estabelecidos os fundamentos e pedidos da a\u00e7\u00e3o.<\/div><\/div>[\/vc_column_inner][vc_column_inner width=&#8221;1\/3&#8243; css=&#8221;.vc_custom_1693838598780{padding-right: 80px !important;padding-left: 50px !important;}&#8221;][vc_single_image image=&#8221;1616&#8243; img_size=&#8221;full&#8221;]<div id=\"ultimate-heading-171969f4d143e8911\" class=\"uvc-heading ult-adjust-bottom-margin ultimate-heading-171969f4d143e8911 uvc-1439 \" data-hspacer=\"no_spacer\"  data-halign=\"left\" style=\"text-align:left\"><div class=\"uvc-heading-spacer no_spacer\" style=\"top\"><\/div><div class=\"uvc-main-heading ult-responsive\"  data-ultimate-target='.uvc-heading.ultimate-heading-171969f4d143e8911 h2'  data-responsive-json-new='{\"font-size\":\"desktop:18px;\",\"line-height\":\"\"}' ><h2 style=\"font-family:&#039;Montserrat&#039;;font-weight:500;color:#75adc6;margin-bottom:20px;\">AUDI\u00caNCIA INICIAL:<\/h2><\/div><\/div>[vc_single_image image=&#8221;1677&#8243; img_size=&#8221;full&#8221; css=&#8221;.vc_custom_1694005092419{margin-bottom: 0px !important;padding-bottom: 0px !important;}&#8221;]<div id=\"ultimate-heading-707669f4d143e89d9\" class=\"uvc-heading ult-adjust-bottom-margin ultimate-heading-707669f4d143e89d9 uvc-6791 \" data-hspacer=\"no_spacer\"  data-halign=\"left\" style=\"text-align:left\"><div class=\"uvc-heading-spacer no_spacer\" style=\"top\"><\/div><div class=\"uvc-sub-heading ult-responsive\"  data-ultimate-target='.uvc-heading.ultimate-heading-707669f4d143e89d9 .uvc-sub-heading '  data-responsive-json-new='{\"font-size\":\"desktop:15px;\",\"line-height\":\"\"}'  style=\"font-family:&#039;Montserrat&#039;;font-weight:300;color:#ffffff;\">Normalmente, ocorre a primeira audi\u00eancia, na qual as partes s\u00e3o intimadas a comparecer e tentam resolver o conflito por meio de concilia\u00e7\u00e3o. Caso n\u00e3o haja acordo, o processo segue para as etapas seguintes.<\/div><\/div>[\/vc_column_inner][vc_column_inner width=&#8221;1\/3&#8243; css=&#8221;.vc_custom_1693838606537{padding-right: 80px !important;padding-left: 50px !important;}&#8221;][vc_single_image image=&#8221;1609&#8243; img_size=&#8221;full&#8221;]<div id=\"ultimate-heading-337569f4d143e8b14\" class=\"uvc-heading ult-adjust-bottom-margin ultimate-heading-337569f4d143e8b14 uvc-9207 \" data-hspacer=\"no_spacer\"  data-halign=\"left\" style=\"text-align:left\"><div class=\"uvc-heading-spacer no_spacer\" style=\"top\"><\/div><div class=\"uvc-main-heading ult-responsive\"  data-ultimate-target='.uvc-heading.ultimate-heading-337569f4d143e8b14 h2'  data-responsive-json-new='{\"font-size\":\"desktop:18px;\",\"line-height\":\"\"}' ><h2 style=\"font-family:&#039;Montserrat&#039;;font-weight:500;color:#75adc6;margin-bottom:20px;\">CONTESTA\u00c7\u00c3O:<\/h2><\/div><\/div>[vc_single_image image=&#8221;1677&#8243; img_size=&#8221;full&#8221; css=&#8221;.vc_custom_1694005092419{margin-bottom: 0px !important;padding-bottom: 0px !important;}&#8221;]<div id=\"ultimate-heading-452369f4d143e8bcd\" class=\"uvc-heading ult-adjust-bottom-margin ultimate-heading-452369f4d143e8bcd uvc-784 \" data-hspacer=\"no_spacer\"  data-halign=\"left\" style=\"text-align:left\"><div class=\"uvc-heading-spacer no_spacer\" style=\"top\"><\/div><div class=\"uvc-sub-heading ult-responsive\"  data-ultimate-target='.uvc-heading.ultimate-heading-452369f4d143e8bcd .uvc-sub-heading '  data-responsive-json-new='{\"font-size\":\"desktop:15px;\",\"line-height\":\"\"}'  style=\"font-family:&#039;Montserrat&#039;;font-weight:300;color:#ffffff;\">O empregador (ou a parte contr\u00e1ria) tem um prazo para apresentar sua contesta\u00e7\u00e3o, na qual pode apresentar sua defesa, argumentar sobre os fatos alegados e indicar provas e testemunhas.<\/div><\/div>[\/vc_column_inner][\/vc_row_inner][vc_row_inner css=&#8221;.vc_custom_1693854342267{margin-bottom: 30px !important;}&#8221;][vc_column_inner width=&#8221;1\/3&#8243; css=&#8221;.vc_custom_1693838478607{padding-right: 80px !important;padding-left: 50px !important;}&#8221;][vc_single_image image=&#8221;1610&#8243; img_size=&#8221;full&#8221;]<div id=\"ultimate-heading-602469f4d143e8c4a\" class=\"uvc-heading ult-adjust-bottom-margin ultimate-heading-602469f4d143e8c4a uvc-7637 \" data-hspacer=\"no_spacer\"  data-halign=\"left\" style=\"text-align:left\"><div class=\"uvc-heading-spacer no_spacer\" style=\"top\"><\/div><div class=\"uvc-main-heading ult-responsive\"  data-ultimate-target='.uvc-heading.ultimate-heading-602469f4d143e8c4a h2'  data-responsive-json-new='{\"font-size\":\"desktop:18px;\",\"line-height\":\"\"}' ><h2 style=\"font-family:&#039;Montserrat&#039;;font-weight:500;color:#75adc6;margin-bottom:20px;\">AUDI\u00caNCIA DE INSTRU\u00c7\u00c3O:<\/h2><\/div><\/div>[vc_single_image image=&#8221;1677&#8243; img_size=&#8221;full&#8221; css=&#8221;.vc_custom_1694005092419{margin-bottom: 0px !important;padding-bottom: 0px !important;}&#8221;]<div id=\"ultimate-heading-812669f4d143e8cf5\" class=\"uvc-heading ult-adjust-bottom-margin ultimate-heading-812669f4d143e8cf5 uvc-4825 \" data-hspacer=\"no_spacer\"  data-halign=\"left\" style=\"text-align:left\"><div class=\"uvc-heading-spacer no_spacer\" style=\"top\"><\/div><div class=\"uvc-sub-heading ult-responsive\"  data-ultimate-target='.uvc-heading.ultimate-heading-812669f4d143e8cf5 .uvc-sub-heading '  data-responsive-json-new='{\"font-size\":\"desktop:15px;\",\"line-height\":\"\"}'  style=\"font-family:&#039;Montserrat&#039;;font-weight:300;color:#ffffff;\">Nessa audi\u00eancia, s\u00e3o apresentadas as provas, s\u00e3o ouvidas as testemunhas e as partes podem fazer suas alega\u00e7\u00f5es finais. O juiz poder\u00e1 determinar dilig\u00eancias adicionais, como per\u00edcias, se necess\u00e1rio. segue para as etapas seguintes.<\/div><\/div>[\/vc_column_inner][vc_column_inner width=&#8221;1\/3&#8243; css=&#8221;.vc_custom_1693838598780{padding-right: 80px !important;padding-left: 50px !important;}&#8221;][vc_single_image image=&#8221;1615&#8243; img_size=&#8221;full&#8221;]<div id=\"ultimate-heading-840969f4d143e8daa\" class=\"uvc-heading ult-adjust-bottom-margin ultimate-heading-840969f4d143e8daa uvc-3968 \" data-hspacer=\"no_spacer\"  data-halign=\"left\" style=\"text-align:left\"><div class=\"uvc-heading-spacer no_spacer\" style=\"top\"><\/div><div class=\"uvc-main-heading ult-responsive\"  data-ultimate-target='.uvc-heading.ultimate-heading-840969f4d143e8daa h2'  data-responsive-json-new='{\"font-size\":\"desktop:18px;\",\"line-height\":\"\"}' ><h2 style=\"font-family:&#039;Montserrat&#039;;font-weight:500;color:#75adc6;margin-bottom:20px;\">AUDI\u00caNCIA UNA:<\/h2><\/div><\/div>[vc_single_image image=&#8221;1677&#8243; img_size=&#8221;full&#8221; css=&#8221;.vc_custom_1694005092419{margin-bottom: 0px !important;padding-bottom: 0px !important;}&#8221;]<div id=\"ultimate-heading-322069f4d143e8e55\" class=\"uvc-heading ult-adjust-bottom-margin ultimate-heading-322069f4d143e8e55 uvc-5000 \" data-hspacer=\"no_spacer\"  data-halign=\"left\" style=\"text-align:left\"><div class=\"uvc-heading-spacer no_spacer\" style=\"top\"><\/div><div class=\"uvc-sub-heading ult-responsive\"  data-ultimate-target='.uvc-heading.ultimate-heading-322069f4d143e8e55 .uvc-sub-heading '  data-responsive-json-new='{\"font-size\":\"desktop:15px;\",\"line-height\":\"\"}'  style=\"font-family:&#039;Montserrat&#039;;font-weight:300;color:#ffffff;\">\u00c9 uma etapa importante que agiliza o processo judicial. Nessa audi\u00eancia, ocorrem simultaneamente a tentativa de concilia\u00e7\u00e3o, a produ\u00e7\u00e3o de provas e a emiss\u00e3o da senten\u00e7a. Ela \u00e9 uma combina\u00e7\u00e3o das audi\u00eancias inicial e de instru\u00e7\u00e3o.<\/div><\/div>[\/vc_column_inner][vc_column_inner width=&#8221;1\/3&#8243; css=&#8221;.vc_custom_1693855235600{padding-right: 80px !important;padding-left: 50px !important;}&#8221;][vc_single_image image=&#8221;1614&#8243; img_size=&#8221;full&#8221;]<div id=\"ultimate-heading-916669f4d143ea19d\" class=\"uvc-heading ult-adjust-bottom-margin ultimate-heading-916669f4d143ea19d uvc-3921 \" data-hspacer=\"no_spacer\"  data-halign=\"left\" style=\"text-align:left\"><div class=\"uvc-heading-spacer no_spacer\" style=\"top\"><\/div><div class=\"uvc-main-heading ult-responsive\"  data-ultimate-target='.uvc-heading.ultimate-heading-916669f4d143ea19d h2'  data-responsive-json-new='{\"font-size\":\"desktop:18px;\",\"line-height\":\"\"}' ><h2 style=\"font-family:&#039;Montserrat&#039;;font-weight:500;color:#75adc6;margin-bottom:20px;\">RAZ\u00d5ES FINAIS:<\/h2><\/div><\/div>[vc_single_image image=&#8221;1677&#8243; img_size=&#8221;full&#8221; css=&#8221;.vc_custom_1694005092419{margin-bottom: 0px !important;padding-bottom: 0px !important;}&#8221;]<div id=\"ultimate-heading-302069f4d143ea28c\" class=\"uvc-heading ult-adjust-bottom-margin ultimate-heading-302069f4d143ea28c uvc-6054 \" data-hspacer=\"no_spacer\"  data-halign=\"left\" style=\"text-align:left\"><div class=\"uvc-heading-spacer no_spacer\" style=\"top\"><\/div><div class=\"uvc-sub-heading ult-responsive\"  data-ultimate-target='.uvc-heading.ultimate-heading-302069f4d143ea28c .uvc-sub-heading '  data-responsive-json-new='{\"font-size\":\"desktop:15px;\",\"line-height\":\"\"}'  style=\"font-family:&#039;Montserrat&#039;;font-weight:300;color:#ffffff;\">\u00c9 uma fase do processo trabalhista que ocorre ap\u00f3s o encerramento da instru\u00e7\u00e3o processual, onde s\u00e3o apresentados os argumentos finais de ambas as partes, por meio de debate oral ou apresenta\u00e7\u00e3o de memoriais.<\/div><\/div>[\/vc_column_inner][\/vc_row_inner][vc_row_inner css=&#8221;.vc_custom_1693855397498{margin-bottom: 30px !important;padding-bottom: 80px !important;}&#8221;][vc_column_inner width=&#8221;1\/3&#8243; css=&#8221;.vc_custom_1693838478607{padding-right: 80px !important;padding-left: 50px !important;}&#8221;][vc_single_image image=&#8221;1613&#8243; img_size=&#8221;full&#8221;]<div id=\"ultimate-heading-478369f4d143ea33c\" class=\"uvc-heading ult-adjust-bottom-margin ultimate-heading-478369f4d143ea33c uvc-5147 \" data-hspacer=\"no_spacer\"  data-halign=\"left\" style=\"text-align:left\"><div class=\"uvc-heading-spacer no_spacer\" style=\"top\"><\/div><div class=\"uvc-main-heading ult-responsive\"  data-ultimate-target='.uvc-heading.ultimate-heading-478369f4d143ea33c h2'  data-responsive-json-new='{\"font-size\":\"desktop:18px;\",\"line-height\":\"\"}' ><h2 style=\"font-family:&#039;Montserrat&#039;;font-weight:500;color:#75adc6;margin-bottom:20px;\">SENTEN\u00c7A:<\/h2><\/div><\/div>[vc_single_image image=&#8221;1677&#8243; img_size=&#8221;full&#8221; css=&#8221;.vc_custom_1694005092419{margin-bottom: 0px !important;padding-bottom: 0px !important;}&#8221;]<div id=\"ultimate-heading-687069f4d143ea3b5\" class=\"uvc-heading ult-adjust-bottom-margin ultimate-heading-687069f4d143ea3b5 uvc-8728 \" data-hspacer=\"no_spacer\"  data-halign=\"left\" style=\"text-align:left\"><div class=\"uvc-heading-spacer no_spacer\" style=\"top\"><\/div><div class=\"uvc-sub-heading ult-responsive\"  data-ultimate-target='.uvc-heading.ultimate-heading-687069f4d143ea3b5 .uvc-sub-heading '  data-responsive-json-new='{\"font-size\":\"desktop:15px;\",\"line-height\":\"\"}'  style=\"font-family:&#039;Montserrat&#039;;font-weight:300;color:#ffffff;\">Ap\u00f3s a audi\u00eancia de instru\u00e7\u00e3o, o juiz tem um prazo para proferir sua senten\u00e7a, na qual decide sobre o m\u00e9rito da a\u00e7\u00e3o, ou seja, quem tem raz\u00e3o e quais ser\u00e3o os direitos e obriga\u00e7\u00f5es das partes.<\/div><\/div>[\/vc_column_inner][vc_column_inner width=&#8221;1\/3&#8243; css=&#8221;.vc_custom_1693838598780{padding-right: 80px !important;padding-left: 50px !important;}&#8221;][vc_single_image image=&#8221;1612&#8243; img_size=&#8221;full&#8221;]<div id=\"ultimate-heading-15969f4d143ea461\" class=\"uvc-heading ult-adjust-bottom-margin ultimate-heading-15969f4d143ea461 uvc-57 \" data-hspacer=\"no_spacer\"  data-halign=\"left\" style=\"text-align:left\"><div class=\"uvc-heading-spacer no_spacer\" style=\"top\"><\/div><div class=\"uvc-main-heading ult-responsive\"  data-ultimate-target='.uvc-heading.ultimate-heading-15969f4d143ea461 h2'  data-responsive-json-new='{\"font-size\":\"desktop:18px;\",\"line-height\":\"\"}' ><h2 style=\"font-family:&#039;Montserrat&#039;;font-weight:500;color:#75adc6;margin-bottom:20px;\">RECURSOS:<\/h2><\/div><\/div>[vc_single_image image=&#8221;1677&#8243; img_size=&#8221;full&#8221; css=&#8221;.vc_custom_1694005092419{margin-bottom: 0px !important;padding-bottom: 0px !important;}&#8221;]<div id=\"ultimate-heading-372369f4d143ea51e\" class=\"uvc-heading ult-adjust-bottom-margin ultimate-heading-372369f4d143ea51e uvc-8791 \" data-hspacer=\"no_spacer\"  data-halign=\"left\" style=\"text-align:left\"><div class=\"uvc-heading-spacer no_spacer\" style=\"top\"><\/div><div class=\"uvc-sub-heading ult-responsive\"  data-ultimate-target='.uvc-heading.ultimate-heading-372369f4d143ea51e .uvc-sub-heading '  data-responsive-json-new='{\"font-size\":\"desktop:15px;\",\"line-height\":\"\"}'  style=\"font-family:&#039;Montserrat&#039;;font-weight:300;color:#ffffff;\">Ap\u00f3s a senten\u00e7a, ambas as partes t\u00eam o direito de recorrer. O recurso pode ser apresentado ao Tribunal Regional do Trabalho (segunda inst\u00e2ncia) e, em alguns casos, at\u00e9 ao Tribunal Superior do Trabalho (terceira inst\u00e2ncia).<\/div><\/div>[\/vc_column_inner][vc_column_inner width=&#8221;1\/3&#8243; css=&#8221;.vc_custom_1693838606537{padding-right: 80px !important;padding-left: 50px !important;}&#8221;][vc_single_image image=&#8221;1611&#8243; img_size=&#8221;full&#8221;]<div id=\"ultimate-heading-384269f4d143ea5c7\" class=\"uvc-heading ult-adjust-bottom-margin ultimate-heading-384269f4d143ea5c7 uvc-1603 \" data-hspacer=\"no_spacer\"  data-halign=\"left\" style=\"text-align:left\"><div class=\"uvc-heading-spacer no_spacer\" style=\"top\"><\/div><div class=\"uvc-main-heading ult-responsive\"  data-ultimate-target='.uvc-heading.ultimate-heading-384269f4d143ea5c7 h2'  data-responsive-json-new='{\"font-size\":\"desktop:18px;\",\"line-height\":\"\"}' ><h2 style=\"font-family:&#039;Montserrat&#039;;font-weight:500;color:#75adc6;margin-bottom:20px;\">CUMPRIMENTO DA SENTEN\u00c7A:<\/h2><\/div><\/div>[vc_single_image image=&#8221;1677&#8243; img_size=&#8221;full&#8221; css=&#8221;.vc_custom_1694005092419{margin-bottom: 0px !important;padding-bottom: 0px !important;}&#8221;]<div id=\"ultimate-heading-638969f4d143ea66f\" class=\"uvc-heading ult-adjust-bottom-margin ultimate-heading-638969f4d143ea66f uvc-9053 \" data-hspacer=\"no_spacer\"  data-halign=\"left\" style=\"text-align:left\"><div class=\"uvc-heading-spacer no_spacer\" style=\"top\"><\/div><div class=\"uvc-sub-heading ult-responsive\"  data-ultimate-target='.uvc-heading.ultimate-heading-638969f4d143ea66f .uvc-sub-heading '  data-responsive-json-new='{\"font-size\":\"desktop:15px;\",\"line-height\":\"\"}'  style=\"font-family:&#039;Montserrat&#039;;font-weight:300;color:#ffffff;\">Se a senten\u00e7a se tornar definitiva (ap\u00f3s esgotados os recursos), a parte vencedora pode iniciar o cumprimento da decis\u00e3o, caso a parte perdedora n\u00e3o a cumpra voluntariamente. Isso pode envolver o pagamento de valores devidos ou outras obriga\u00e7\u00f5es determinadas na senten\u00e7a.<\/div><\/div>[\/vc_column_inner][\/vc_row_inner][\/vc_column][\/vc_row][vc_row full_width=&#8221;stretch_row&#8221; bg_type=&#8221;image&#8221; parallax_style=&#8221;vcpb-vz-jquery&#8221; bg_image_new=&#8221;id^1689|url^http:\/\/palmaadvogados.com.br\/prospect-bancarios\/wp-content\/uploads\/2023\/09\/ps.jpg|caption^null|alt^null|title^ps|description^null&#8221; bg_image_repeat=&#8221;no-repeat&#8221; el_id=&#8221;exemplos&#8221;][vc_column][vc_row_inner][vc_column_inner width=&#8221;1\/3&#8243;][\/vc_column_inner][vc_column_inner width=&#8221;1\/3&#8243;]<div id=\"ultimate-heading-319569f4d143ea711\" class=\"uvc-heading ult-adjust-bottom-margin ultimate-heading-319569f4d143ea711 uvc-7497 \" data-hspacer=\"no_spacer\"  data-halign=\"center\" style=\"text-align:center\"><div class=\"uvc-heading-spacer no_spacer\" style=\"top\"><\/div><div class=\"uvc-main-heading ult-responsive\"  data-ultimate-target='.uvc-heading.ultimate-heading-319569f4d143ea711 h2'  data-responsive-json-new='{\"font-size\":\"desktop:32px;\",\"line-height\":\"\"}' ><h2 style=\"font-family:&#039;Montserrat&#039;;font-weight:300;color:#002637;margin-top:30px;margin-bottom:30px;\">Principais Exemplos<\/h2><\/div><\/div>[\/vc_column_inner][vc_column_inner width=&#8221;1\/3&#8243;][\/vc_column_inner][\/vc_row_inner][vc_row_inner css=&#8221;.vc_custom_1693855397498{margin-bottom: 30px !important;padding-bottom: 80px !important;}&#8221;][vc_column_inner el_class=&#8221;caixa-exemplos&#8221; width=&#8221;1\/3&#8243; css=&#8221;.vc_custom_1694006544624{padding-right: 80px !important;padding-left: 50px !important;}&#8221;][vc_single_image image=&#8221;1685&#8243; img_size=&#8221;full&#8221; alignment=&#8221;center&#8221; css=&#8221;.vc_custom_1694007150640{margin-bottom: 0px !important;padding-bottom: 0px !important;}&#8221;]<div id=\"ultimate-heading-199669f4d143ea785\" class=\"uvc-heading ult-adjust-bottom-margin ultimate-heading-199669f4d143ea785 uvc-7675 \" data-hspacer=\"no_spacer\"  data-halign=\"center\" style=\"text-align:center\"><div class=\"uvc-heading-spacer no_spacer\" style=\"top\"><\/div><div class=\"uvc-main-heading ult-responsive\"  data-ultimate-target='.uvc-heading.ultimate-heading-199669f4d143ea785 h2'  data-responsive-json-new='{\"font-size\":\"desktop:18px;\",\"line-height\":\"\"}' ><h2 style=\"font-family:&#039;Montserrat&#039;;font-weight:500;color:#002637;margin-bottom:10px;\">7\u00aa E 8\u00aa HORAS<\/h2><\/div><div class=\"uvc-sub-heading ult-responsive\"  data-ultimate-target='.uvc-heading.ultimate-heading-199669f4d143ea785 .uvc-sub-heading '  data-responsive-json-new='{\"font-size\":\"desktop:15px;\",\"line-height\":\"\"}'  style=\"font-family:&#039;Montserrat&#039;;font-weight:300;color:#002637;\"><\/p>\n<p style=\"text-align: center;\">Banco \u00e9 condenado ao pagamento das horas excedentes \u00e0 6\u00aa hora, acrescidas do adicional de 50% e reflexos nos DSRs, nesses incluindo s\u00e1bados, domingos e feriados, com diferen\u00e7as em 13\u00ba sal\u00e1rios, f\u00e9rias acrescidas mais um ter\u00e7o, aviso pr\u00e9vio indenizado, dep\u00f3sitos de FGTS e multa de 40%. Mais um resultado positivo aos banc\u00e1rios!<\/p>\n<p><\/div><\/div>[\/vc_column_inner][vc_column_inner el_class=&#8221;caixa-exemplos&#8221; width=&#8221;1\/3&#8243; css=&#8221;.vc_custom_1694006547749{padding-right: 80px !important;padding-left: 50px !important;}&#8221;][vc_single_image image=&#8221;1687&#8243; img_size=&#8221;full&#8221; alignment=&#8221;center&#8221; css=&#8221;.vc_custom_1694007145576{margin-bottom: 0px !important;padding-bottom: 0px !important;}&#8221;]<div id=\"ultimate-heading-331369f4d143ea82c\" class=\"uvc-heading ult-adjust-bottom-margin ultimate-heading-331369f4d143ea82c uvc-736 \" data-hspacer=\"no_spacer\"  data-halign=\"center\" style=\"text-align:center\"><div class=\"uvc-heading-spacer no_spacer\" style=\"top\"><\/div><div class=\"uvc-main-heading ult-responsive\"  data-ultimate-target='.uvc-heading.ultimate-heading-331369f4d143ea82c h2'  data-responsive-json-new='{\"font-size\":\"desktop:18px;\",\"line-height\":\"\"}' ><h2 style=\"font-family:&#039;Montserrat&#039;;font-weight:500;color:#002637;margin-bottom:10px;\">DESVIO DE FUN\u00c7\u00c3O<\/h2><\/div><div class=\"uvc-sub-heading ult-responsive\"  data-ultimate-target='.uvc-heading.ultimate-heading-331369f4d143ea82c .uvc-sub-heading '  data-responsive-json-new='{\"font-size\":\"desktop:15px;\",\"line-height\":\"\"}'  style=\"font-family:&#039;Montserrat&#039;;font-weight:300;color:#002637;\"><\/p>\n<p style=\"text-align: center;\">Sucesso para o caso do Palma Advogados, analisado pelo 15\u00ba Tribunal Regional do Trabalho para o banc\u00e1rio ocupante do cargo de Caixa Atendente. O banco foi condenado ao pagamento da comiss\u00e3o de cargo, j\u00e1 que exercia a fun\u00e7\u00e3o de supervisor operacional e atividades al\u00e9m de sua contrata\u00e7\u00e3o.<\/p>\n<p><\/div><\/div>[\/vc_column_inner][vc_column_inner el_class=&#8221;caixa-exemplos&#8221; width=&#8221;1\/3&#8243; css=&#8221;.vc_custom_1694006550785{padding-right: 80px !important;padding-left: 50px !important;}&#8221;][vc_single_image image=&#8221;1686&#8243; img_size=&#8221;full&#8221; alignment=&#8221;center&#8221; css=&#8221;.vc_custom_1694007138462{margin-bottom: 0px !important;padding-bottom: 0px !important;}&#8221;]<div id=\"ultimate-heading-737269f4d143ea8d5\" class=\"uvc-heading ult-adjust-bottom-margin ultimate-heading-737269f4d143ea8d5 uvc-8200 \" data-hspacer=\"no_spacer\"  data-halign=\"center\" style=\"text-align:center\"><div class=\"uvc-heading-spacer no_spacer\" style=\"top\"><\/div><div class=\"uvc-main-heading ult-responsive\"  data-ultimate-target='.uvc-heading.ultimate-heading-737269f4d143ea8d5 h2'  data-responsive-json-new='{\"font-size\":\"desktop:18px;\",\"line-height\":\"\"}' ><h2 style=\"font-family:&#039;Montserrat&#039;;font-weight:500;color:#002637;margin-bottom:10px;\">ASS\u00c9DIO MORAL: ANSIEDADE E DEPRESS\u00c3O<\/h2><\/div><div class=\"uvc-sub-heading ult-responsive\"  data-ultimate-target='.uvc-heading.ultimate-heading-737269f4d143ea8d5 .uvc-sub-heading '  data-responsive-json-new='{\"font-size\":\"desktop:15px;\",\"line-height\":\"\"}'  style=\"font-family:&#039;Montserrat&#039;;font-weight:300;color:#002637;\"><\/p>\n<p style=\"text-align: center;\">Banc\u00e1ria que sofria praticas de ass\u00e9dio e cobran\u00e7a excessiva de metas pelo Gerente Geral, desenvolveu transtorno depressivo grave e ansiedade generalizada e obteve vit\u00f3ria na justi\u00e7a. Banco foi condenado ao pagamento de indeniza\u00e7\u00e3o por danos morais e materiais por danos \u00e0 sa\u00fade da trabalhadora, al\u00e9m de diferen\u00e7as salariais e de horas extras.<\/p>\n<p><\/div><\/div>[\/vc_column_inner][\/vc_row_inner][\/vc_column][\/vc_row][vc_row full_width=&#8221;stretch_row&#8221; bg_type=&#8221;image&#8221; parallax_style=&#8221;vcpb-vz-jquery&#8221; bg_image_new=&#8221;id^1639|url^http:\/\/palmaadvogados.com.br\/prospect-bancarios\/wp-content\/uploads\/2023\/09\/ufndo.jpg|caption^null|alt^null|title^ufndo|description^null&#8221; bg_image_repeat=&#8221;no-repeat&#8221; el_id=&#8221;quemsomos&#8221;][vc_column width=&#8221;1\/12&#8243;][\/vc_column][vc_column width=&#8221;5\/12&#8243; css=&#8221;.vc_custom_1694435135604{padding-top: 70px !important;padding-right: 50px !important;padding-bottom: 70px !important;padding-left: 80px !important;}&#8221;]<div id=\"ultimate-heading-427769f4d143ea97e\" class=\"uvc-heading ult-adjust-bottom-margin ultimate-heading-427769f4d143ea97e uvc-5316 \" data-hspacer=\"no_spacer\"  data-halign=\"left\" style=\"text-align:left\"><div class=\"uvc-heading-spacer no_spacer\" style=\"top\"><\/div><div class=\"uvc-sub-heading ult-responsive\"  data-ultimate-target='.uvc-heading.ultimate-heading-427769f4d143ea97e .uvc-sub-heading '  data-responsive-json-new='{\"font-size\":\"desktop:24px;\",\"line-height\":\"desktop:30px;\"}'  style=\"font-family:&#039;Montserrat&#039;;font-weight:300;color:#002637;\"><\/p>\n<p style=\"text-align: left;\">\u00c9 por te oferecermos Justi\u00e7a<br \/>\n<strong>que acreditamos na Lei<\/strong><\/p>\n<p><\/div><\/div><div id=\"ultimate-heading-777269f4d143eaa1e\" class=\"uvc-heading ult-adjust-bottom-margin ultimate-heading-777269f4d143eaa1e uvc-2191 \" data-hspacer=\"no_spacer\"  data-halign=\"left\" style=\"text-align:left\"><div class=\"uvc-heading-spacer no_spacer\" style=\"top\"><\/div><div class=\"uvc-sub-heading ult-responsive\"  data-ultimate-target='.uvc-heading.ultimate-heading-777269f4d143eaa1e .uvc-sub-heading '  data-responsive-json-new='{\"font-size\":\"desktop:15px;\",\"line-height\":\"\"}'  style=\"font-family:&#039;Montserrat&#039;;font-weight:300;color:#002637;\"><\/p>\n<p style=\"text-align: left;\">Com quase 20 anos de tradi\u00e7\u00e3o, o Palma Advogados nasceu em 2004 pelas m\u00e3os do s\u00f3cio-fundador Dr. Lucas Palma. Especializados na \u00e1rea do Direito Trabalhista Banc\u00e1rio, atualmente, contamos com um arsenal de mais de <strong>5.000 casos de vit\u00f3ria frente aos principais bancos comerciais e empresas multinacionais.<\/strong><\/p>\n<p>Oferecemos atua\u00e7\u00e3o jur\u00eddica aos <strong>profissionais dos mais variados cargos e n\u00edveis operacionais e administrativos<\/strong>, independentemente da nomenclatura do cargo profissional ocupado ou n\u00edvel hier\u00e1rquico, como gerente GNS 1 e 2, gerente administrativo, gerente operacional, coordenador administrativo, atendentes, assistentes, t\u00e9cnicos, analistas, supervisores e diretores.<\/p>\n<p><\/div><\/div>[vc_row_inner css=&#8221;.vc_custom_1693943726684{margin-top: 50px !important;}&#8221;][vc_column_inner width=&#8221;1\/2&#8243;]<div id=\"ultimate-heading-667069f4d143eaac3\" class=\"uvc-heading ult-adjust-bottom-margin ultimate-heading-667069f4d143eaac3 uvc-2791 \" data-hspacer=\"no_spacer\"  data-halign=\"left\" style=\"text-align:left\"><div class=\"uvc-heading-spacer no_spacer\" style=\"top\"><\/div><div class=\"uvc-main-heading ult-responsive\"  data-ultimate-target='.uvc-heading.ultimate-heading-667069f4d143eaac3 h2'  data-responsive-json-new='{\"font-size\":\"desktop:18px;\",\"line-height\":\"\"}' ><h2 style=\"font-family:&#039;Montserrat&#039;;font-weight:500;color:#002637;margin-bottom:10px;\">20 anos defendendo a sua causa<\/h2><\/div><div class=\"uvc-sub-heading ult-responsive\"  data-ultimate-target='.uvc-heading.ultimate-heading-667069f4d143eaac3 .uvc-sub-heading '  data-responsive-json-new='{\"font-size\":\"desktop:15px;\",\"line-height\":\"\"}'  style=\"font-family:&#039;Montserrat&#039;;font-weight:300;color:#002637;\"><\/p>\n<p style=\"text-align: left;\">Dr. Lucas Palma \u00e9 o s\u00f3cio-fundador da Palma Advogados. Bacharel em Direito pela 1\u00ba turma de Direito da UNIMEP especializou-se em Direito Trabalhista e Tribut\u00e1rio pela Funda\u00e7\u00e3o Get\u00falio Vargas, al\u00e9m de possuir forma\u00e7\u00e3o internacional em Business Strategy pela Universidade de Georgetown\/University Law Center Washington DC<\/p>\n<p><\/div><\/div>[\/vc_column_inner][vc_column_inner width=&#8221;1\/2&#8243;][vc_single_image image=&#8221;1725&#8243; img_size=&#8221;full&#8221; alignment=&#8221;right&#8221; css_animation=&#8221;fadeInLeftBig&#8221; image_hovers=&#8221;false&#8221;][\/vc_column_inner][\/vc_row_inner][\/vc_column][vc_column width=&#8221;5\/12&#8243;][vc_single_image image=&#8221;1650&#8243; img_size=&#8221;full&#8221; alignment=&#8221;center&#8221; css_animation=&#8221;fadeInUp&#8221; image_hovers=&#8221;false&#8221; css=&#8221;.vc_custom_1693943445624{margin-bottom: 0px !important;padding-bottom: 0px !important;}&#8221;][\/vc_column][vc_column width=&#8221;1\/12&#8243;][\/vc_column][\/vc_row][vc_row full_width=&#8221;stretch_row_content&#8221; content_placement=&#8221;middle&#8221; el_class=&#8221;caixa-nos&#8221;][vc_column width=&#8221;6\/12&#8243; css=&#8221;.vc_custom_1696444751239{background-image: url(http:\/\/palmaadvogados.com.br\/prospect-bancarios\/wp-content\/uploads\/2023\/10\/pesoo43.jpg?id=1721) !important;background-position: center !important;background-repeat: no-repeat !important;background-size: cover !important;}&#8221;][vc_empty_space height=&#8221;432px&#8221;][\/vc_column][vc_column width=&#8221;4\/12&#8243; css=&#8221;.vc_custom_1694435195277{padding-right: 50px !important;padding-left: 80px !important;}&#8221;]<div id=\"ultimate-heading-443869f4d143eab62\" class=\"uvc-heading ult-adjust-bottom-margin ultimate-heading-443869f4d143eab62 uvc-3110 \" data-hspacer=\"no_spacer\"  data-halign=\"left\" style=\"text-align:left\"><div class=\"uvc-heading-spacer no_spacer\" style=\"top\"><\/div><div class=\"uvc-main-heading ult-responsive\"  data-ultimate-target='.uvc-heading.ultimate-heading-443869f4d143eab62 h2'  data-responsive-json-new='{\"font-size\":\"desktop:32px;\",\"line-height\":\"\"}' ><h2 style=\"font-family:&#039;Montserrat&#039;;font-weight:300;color:#002637;margin-top:30px;margin-bottom:30px;\">N\u00f3s somos o seu veredicto<\/h2><\/div><div class=\"uvc-sub-heading ult-responsive\"  data-ultimate-target='.uvc-heading.ultimate-heading-443869f4d143eab62 .uvc-sub-heading '  data-responsive-json-new='{\"font-size\":\"desktop:15px;\",\"line-height\":\"\"}'  style=\"font-family:&#039;Montserrat&#039;;font-weight:300;color:#002637;\">\u2022 Temos s\u00f3lida experi\u00eancia na defesa dos principais direitos trabalhistas dos banc\u00e1rios;<\/p>\n<p>\u2022 Possu\u00edmos uma atua\u00e7\u00e3o jur\u00eddica especializada, \u00e1gil e personalizada;<\/p>\n<p>\u2022 Oferecemos um canal de comunica\u00e7\u00e3o individual e seguro.<\/div><\/div>[\/vc_column][vc_column width=&#8221;2\/12&#8243;][\/vc_column][\/vc_row][vc_row][vc_column width=&#8221;1\/3&#8243;][\/vc_column][vc_column width=&#8221;1\/3&#8243;][vc_single_image image=&#8221;1663&#8243; img_size=&#8221;full&#8221; alignment=&#8221;center&#8221; onclick=&#8221;custom_link&#8221; image_hovers=&#8221;false&#8221; el_class=&#8221;botao-fale&#8221; link=&#8221;https:\/\/api.whatsapp.com\/send?phone=5511973230106&amp;text=Ol%C3%A1%2C%20Palma%20Advogados.&#8221;][\/vc_column][vc_column width=&#8221;1\/3&#8243;][\/vc_column][\/vc_row][vc_row el_id=&#8221;depoimento&#8221; css=&#8221;.vc_custom_1694434344430{padding-top: 50px !important;padding-bottom: 100px !important;}&#8221;][vc_column]<div id=\"ultimate-heading-983869f4d143eac55\" class=\"uvc-heading ult-adjust-bottom-margin ultimate-heading-983869f4d143eac55 uvc-6123 \" data-hspacer=\"no_spacer\"  data-halign=\"center\" style=\"text-align:center\"><div class=\"uvc-heading-spacer no_spacer\" style=\"top\"><\/div><div class=\"uvc-main-heading ult-responsive\"  data-ultimate-target='.uvc-heading.ultimate-heading-983869f4d143eac55 h2'  data-responsive-json-new='{\"font-size\":\"desktop:32px;\",\"line-height\":\"\"}' ><h2 style=\"font-family:&#039;Montserrat&#039;;font-weight:300;color:#002637;margin-top:30px;margin-bottom:30px;\">As vozes que fizemos ser ouvidas:<\/h2><\/div><\/div>[vc_row_inner][vc_column_inner width=&#8221;1\/3&#8243; css=&#8221;.vc_custom_1694436469680{padding-top: 50px !important;padding-right: 50px !important;padding-bottom: 50px !important;padding-left: 50px !important;}&#8221;][vc_single_image image=&#8221;1668&#8243; img_size=&#8221;full&#8221; alignment=&#8221;center&#8221;]<div id=\"ultimate-heading-850969f4d143ead12\" class=\"uvc-heading ult-adjust-bottom-margin ultimate-heading-850969f4d143ead12 uvc-1427 \" data-hspacer=\"no_spacer\"  data-halign=\"left\" style=\"text-align:left\"><div class=\"uvc-heading-spacer no_spacer\" style=\"top\"><\/div><div class=\"uvc-sub-heading ult-responsive\"  data-ultimate-target='.uvc-heading.ultimate-heading-850969f4d143ead12 .uvc-sub-heading '  data-responsive-json-new='{\"font-size\":\"desktop:15px;\",\"line-height\":\"\"}'  style=\"font-family:&#039;Montserrat&#039;;font-weight:300;color:#002637;\"><\/p>\n<p style=\"text-align: center;\">&#8220;O melhor, tratamento humanizado, emp\u00e1tico, muito claro nas informa\u00e7\u00f5es! Especialista de verdade. Muito obrigado!&#8221;<\/p>\n<p><\/div><\/div><div id=\"ultimate-heading-14569f4d143eadb7\" class=\"uvc-heading ult-adjust-bottom-margin ultimate-heading-14569f4d143eadb7 uvc-1562 \" data-hspacer=\"no_spacer\"  data-halign=\"center\" style=\"text-align:center\"><div class=\"uvc-heading-spacer no_spacer\" style=\"top\"><\/div><div class=\"uvc-main-heading ult-responsive\"  data-ultimate-target='.uvc-heading.ultimate-heading-14569f4d143eadb7 h2'  data-responsive-json-new='{\"font-size\":\"desktop:18px;\",\"line-height\":\"\"}' ><h2 style=\"font-family:&#039;Montserrat&#039;;font-weight:600;color:#002637;margin-bottom:10px;\">Maur\u00edcio Souza<\/h2><\/div><\/div>[vc_single_image image=&#8221;1671&#8243; img_size=&#8221;full&#8221; alignment=&#8221;center&#8221;][\/vc_column_inner][vc_column_inner width=&#8221;1\/3&#8243; css=&#8221;.vc_custom_1694436462088{padding-top: 50px !important;padding-right: 50px !important;padding-bottom: 50px !important;padding-left: 50px !important;}&#8221;][vc_single_image image=&#8221;1668&#8243; img_size=&#8221;full&#8221; alignment=&#8221;center&#8221;]<div id=\"ultimate-heading-307769f4d143eae63\" class=\"uvc-heading ult-adjust-bottom-margin ultimate-heading-307769f4d143eae63 uvc-8780 \" data-hspacer=\"no_spacer\"  data-halign=\"left\" style=\"text-align:left\"><div class=\"uvc-heading-spacer no_spacer\" style=\"top\"><\/div><div class=\"uvc-sub-heading ult-responsive\"  data-ultimate-target='.uvc-heading.ultimate-heading-307769f4d143eae63 .uvc-sub-heading '  data-responsive-json-new='{\"font-size\":\"desktop:15px;\",\"line-height\":\"\"}'  style=\"font-family:&#039;Montserrat&#039;;font-weight:300;color:#002637;\"><\/p>\n<p style=\"text-align: center;\">&#8220;Advogado Lucas muito atencioso, competente, respeitador nas minhas opini\u00f5es e inten\u00e7\u00f5es no processo \u00e1gil! Fiquei muito satisfeita com o servi\u00e7o prestado!&#8221;<\/p>\n<p><\/div><\/div><div id=\"ultimate-heading-215969f4d143eaf13\" class=\"uvc-heading ult-adjust-bottom-margin ultimate-heading-215969f4d143eaf13 uvc-9365 \" data-hspacer=\"no_spacer\"  data-halign=\"center\" style=\"text-align:center\"><div class=\"uvc-heading-spacer no_spacer\" style=\"top\"><\/div><div class=\"uvc-main-heading ult-responsive\"  data-ultimate-target='.uvc-heading.ultimate-heading-215969f4d143eaf13 h2'  data-responsive-json-new='{\"font-size\":\"desktop:18px;\",\"line-height\":\"\"}' ><h2 style=\"font-family:&#039;Montserrat&#039;;font-weight:600;color:#002637;margin-bottom:10px;\">Beatriz Luna<\/h2><\/div><\/div>[vc_single_image image=&#8221;1671&#8243; img_size=&#8221;full&#8221; alignment=&#8221;center&#8221;][\/vc_column_inner][vc_column_inner width=&#8221;1\/3&#8243; css=&#8221;.vc_custom_1694436476370{padding-top: 50px !important;padding-right: 50px !important;padding-bottom: 50px !important;padding-left: 50px !important;}&#8221;][vc_single_image image=&#8221;1668&#8243; img_size=&#8221;full&#8221; alignment=&#8221;center&#8221;]<div id=\"ultimate-heading-821869f4d143eaf7c\" class=\"uvc-heading ult-adjust-bottom-margin ultimate-heading-821869f4d143eaf7c uvc-407 \" data-hspacer=\"no_spacer\"  data-halign=\"left\" style=\"text-align:left\"><div class=\"uvc-heading-spacer no_spacer\" style=\"top\"><\/div><div class=\"uvc-sub-heading ult-responsive\"  data-ultimate-target='.uvc-heading.ultimate-heading-821869f4d143eaf7c .uvc-sub-heading '  data-responsive-json-new='{\"font-size\":\"desktop:15px;\",\"line-height\":\"\"}'  style=\"font-family:&#039;Montserrat&#039;;font-weight:300;color:#002637;\"><\/p>\n<p style=\"text-align: center;\">&#8220;Agrade\u00e7o imensamente aos profissionais do escrit\u00f3rio de Advocacia Palmas Advogados pelos servi\u00e7os prestados. Pela compet\u00eancia, comprometimento, aten\u00e7\u00e3o e respeito aos seus clientes. Parab\u00e9ns a todos!&#8221;<\/p>\n<p><\/div><\/div><div id=\"ultimate-heading-865469f4d143eb066\" class=\"uvc-heading ult-adjust-bottom-margin ultimate-heading-865469f4d143eb066 uvc-8192 \" data-hspacer=\"no_spacer\"  data-halign=\"center\" style=\"text-align:center\"><div class=\"uvc-heading-spacer no_spacer\" style=\"top\"><\/div><div class=\"uvc-main-heading ult-responsive\"  data-ultimate-target='.uvc-heading.ultimate-heading-865469f4d143eb066 h2'  data-responsive-json-new='{\"font-size\":\"desktop:18px;\",\"line-height\":\"\"}' ><h2 style=\"font-family:&#039;Montserrat&#039;;font-weight:600;color:#002637;margin-bottom:10px;\">Wilmar Ferreira<\/h2><\/div><\/div>[vc_single_image image=&#8221;1671&#8243; img_size=&#8221;full&#8221; alignment=&#8221;center&#8221;][\/vc_column_inner][\/vc_row_inner][\/vc_column][\/vc_row]<\/p>\n","protected":false},"excerpt":{"rendered":"<p>[vc_row full_width=&#8221;stretch_row&#8221; css=&#8221;.vc_custom_1694434170097{background-color: #072034 !important;}&#8221; el_id=&#8221;servicos&#8221;][vc_column][vc_row_inner][vc_column_inner width=&#8221;1\/3&#8243;][\/vc_column_inner][vc_column_inner width=&#8221;1\/3&#8243;][\/vc_column_inner][vc_column_inner width=&#8221;1\/3&#8243;][\/vc_column_inner][\/vc_row_inner][vc_row_inner css=&#8221;.vc_custom_1693854294314{margin-bottom: 30px !important;}&#8221;][vc_column_inner width=&#8221;1\/3&#8243; css=&#8221;.vc_custom_1693838478607{padding-right: 80px !important;padding-left: 50px !important;}&#8221;][vc_single_image image=&#8221;1617&#8243; img_size=&#8221;full&#8221;][vc_single_image image=&#8221;1677&#8243; img_size=&#8221;full&#8221; css=&#8221;.vc_custom_1694005092419{margin-bottom: 0px !important;padding-bottom: 0px !important;}&#8221;][\/vc_column_inner][vc_column_inner width=&#8221;1\/3&#8243; css=&#8221;.vc_custom_1693838598780{padding-right: 80px !important;padding-left: 50px !important;}&#8221;][vc_single_image image=&#8221;1616&#8243; img_size=&#8221;full&#8221;][vc_single_image image=&#8221;1677&#8243; img_size=&#8221;full&#8221; css=&#8221;.vc_custom_1694005092419{margin-bottom: 0px !important;padding-bottom: 0px !important;}&#8221;][\/vc_column_inner][vc_column_inner width=&#8221;1\/3&#8243; css=&#8221;.vc_custom_1693838606537{padding-right: 80px !important;padding-left: 50px !important;}&#8221;][vc_single_image image=&#8221;1609&#8243; img_size=&#8221;full&#8221;][vc_single_image image=&#8221;1677&#8243; img_size=&#8221;full&#8221; css=&#8221;.vc_custom_1694005092419{margin-bottom: 0px !important;padding-bottom:&hellip;<\/p>\n","protected":false},"author":1,"featured_media":0,"parent":0,"menu_order":0,"comment_status":"closed","ping_status":"closed","template":"","meta":{"footnotes":""},"_links":{"self":[{"href":"http:\/\/palmaadvogados.com.br\/prospect-bancarios\/wp-json\/wp\/v2\/pages\/2"}],"collection":[{"href":"http:\/\/palmaadvogados.com.br\/prospect-bancarios\/wp-json\/wp\/v2\/pages"}],"about":[{"href":"http:\/\/palmaadvogados.com.br\/prospect-bancarios\/wp-json\/wp\/v2\/types\/page"}],"author":[{"embeddable":true,"href":"http:\/\/palmaadvogados.com.br\/prospect-bancarios\/wp-json\/wp\/v2\/users\/1"}],"replies":[{"embeddable":true,"href":"http:\/\/palmaadvogados.com.br\/prospect-bancarios\/wp-json\/wp\/v2\/comments?post=2"}],"version-history":[{"count":96,"href":"http:\/\/palmaadvogados.com.br\/prospect-bancarios\/wp-json\/wp\/v2\/pages\/2\/revisions"}],"predecessor-version":[{"id":1726,"href":"http:\/\/palmaadvogados.com.br\/prospect-bancarios\/wp-json\/wp\/v2\/pages\/2\/revisions\/1726"}],"wp:attachment":[{"href":"http:\/\/palmaadvogados.com.br\/prospect-bancarios\/wp-json\/wp\/v2\/media?parent=2"}],"curies":[{"name":"wp","href":"https:\/\/api.w.org\/{rel}","templated":true}]}}